{"id":5888,"date":"2016-06-20T10:38:41","date_gmt":"2016-06-20T08:38:41","guid":{"rendered":"https:\/\/javierbalda.com\/bio\/"},"modified":"2023-10-26T15:01:02","modified_gmt":"2023-10-26T13:01:02","slug":"bio","status":"publish","type":"page","link":"https:\/\/javierbalda.com\/en\/bio\/","title":{"rendered":"Bio"},"content":{"rendered":"<section class=\"wpb-content-wrapper\"><p>[vc_row content_text_aligment=&#8221;&#8221; use_row_as_full_screen_section=&#8221;no&#8221; css=&#8221;.vc_custom_1466608265197{padding-top: 46px !important;}&#8221;][vc_column][vc_row_inner content_text_aligment=&#8221;&#8221; css=&#8221;.vc_custom_1466608306115{margin-right: -20px !important;margin-left: -20px !important;}&#8221;][vc_column_inner offset=&#8221;vc_col-md-6&#8243; css=&#8221;.vc_custom_1466608292923{padding-right: 20px !important;padding-left: 20px !important;}&#8221;][vc_column_text]<strong>JAVIER BALDA BER\u00c1STEGUI <\/strong><\/p>\n<p>Pamplona, \u200b\u200b1958.[\/vc_column_text][vc_empty_space height=&#8221;25&#8243;][vc_column_text]<\/p>\n<ul>\n<li>Architecture Studies (1978-1981) University of Navarra, Pamplona.<\/li>\n<li>Assistant for installations of J. M\u00aa. Yturralde. 1983. Olite, Navarra.<\/li>\n<li>Plastic arts workshop with Josep Guinovart, 1985. Circulo de Bellas Artes, Madrid.<\/li>\n<li>Screen printing courses with Manuel Bello, 1991. Arteleku, San Sebasti\u00e1n.<\/li>\n<li>Lithography courses, 1990-1992, and assistant to Don Herbert, 2001. Arteleku, San Sebasti\u00e1n.<\/li>\n<\/ul>\n<p>[\/vc_column_text][vc_empty_space height=&#8221;40&#8243;][\/vc_column_inner][\/vc_row_inner][\/vc_column][\/vc_row][vc_row content_text_aligment=&#8221;&#8221; use_row_as_full_screen_section=&#8221;no&#8221; css=&#8221;.vc_custom_1466608391696{padding-bottom: 54px !important;}&#8221;][vc_column][vc_row_inner content_text_aligment=&#8221;&#8221; css=&#8221;.vc_custom_1466608306115{margin-right: -20px !important;margin-left: -20px !important;}&#8221;][vc_column_inner offset=&#8221;vc_col-md-6&#8243; css=&#8221;.vc_custom_1466608292923{padding-right: 20px !important;padding-left: 20px !important;}&#8221;][vc_column_text]<strong>Scholarships and grants:<\/strong>[\/vc_column_text][vc_empty_space height=&#8221;28&#8243;][vc_column_text]<strong>2020<\/strong>: Production aid, VEGAP.[\/vc_column_text][vc_column_text]<strong>2016:<\/strong> Beca Award-Grant Adolph and Esther Gottlieb Foundation, New York.[\/vc_column_text][vc_column_text]<strong>2010:<\/strong> Beca Pollock-Krasner Foundation, New York.[\/vc_column_text][vc_column_text]<strong>2009:<\/strong> Edition-publication about his work. Gobierno Vasco-Eusko Jaurlaritza.[\/vc_column_text][vc_column_text]<strong>1986:<\/strong> Aid for the Creation of the Government of Navarra.[\/vc_column_text][vc_empty_space height=&#8221;40&#8243;][vc_column_text]<strong>Individual exhibitions (selection):<\/strong>[\/vc_column_text][vc_empty_space height=&#8221;40&#8243;][vc_column_text]<strong>2021:<\/strong> C\u00e1ceres Museum, C\u00e1ceres.<\/p>\n<p style=\"padding-left: 40px;\">Luis Burgos Gallery, Madrid.<\/p>\n<p>[\/vc_column_text][vc_column_text]<strong>2020:<\/strong> Gustavo de Maeztu Museum, Estella.<\/p>\n<p style=\"padding-left: 40px;\">Juan Manuel Lumbreras Gallery. Bilbao.<\/p>\n<p>[\/vc_column_text][vc_column_text]<strong>2019: <\/strong> Talka Gallery. Vitoria-Gazteiz.[\/vc_column_text][vc_column_text]<strong>2018:<\/strong> KM Kulturunea. Donostia-San Sebasti\u00e1n.[\/vc_column_text][vc_column_text]<strong>2016:<\/strong> Sanz Enea Hall. Zarautz.<\/p>\n<p style=\"padding-left: 40px;\">Arostegi Hall. Bergara.<\/p>\n<p>[\/vc_column_text][vc_column_text]<strong>2014:<\/strong> Balda-Mejuto. Salvador de Madariaga Room, A Coru\u00f1a.[\/vc_column_text][vc_column_text]<strong>2013:<\/strong> Jorge Oteiza Museum.[\/vc_column_text][vc_column_text]<strong>2012:<\/strong> Altxerri Gallery. San Sebasti\u00e1n.<\/p>\n<p style=\"padding-left: 40px;\">Mois\u00e9s P\u00e9rez de Alb\u00e9niz Gallery.<\/p>\n<p style=\"padding-left: 40px;\">Aranburu Palace, Tolosa.<\/p>\n<p style=\"padding-left: 40px;\">Gustavo de Maeztu Museum.<\/p>\n<p>[\/vc_column_text][vc_column_text]<strong>2009:<\/strong> Luz\u00e1n Room. Zaragoza.[\/vc_column_text][vc_column_text]<strong>2008:<\/strong> Bach Quatre Gallery, Barcelona.<\/p>\n<p style=\"padding-left: 40px;\">Guest work. Huarte Contemporary Art Center. Navarra.<\/p>\n<p>[\/vc_column_text][vc_column_text]<strong>2007:<\/strong> Mois\u00e9s P\u00e9rez de Alb\u00e9niz Gallery.[\/vc_column_text][vc_column_text]<strong>2005:<\/strong> Altxerri Gallery, San Sebastian[\/vc_column_text][vc_column_text]<strong>2004:<\/strong> Bach Quatre Gallery, Barcelona[\/vc_column_text][vc_column_text]<strong>2003:<\/strong> Juan Bravo Room, CAN Foundation. Madrid<\/p>\n<p style=\"padding-left: 40px;\">Polvor\u00edn-Ciudadela, Pamplona<\/p>\n<p>[\/vc_column_text][vc_column_text]<strong>2001:<\/strong> Altxerri Gallery. San Sebasti\u00e1n.<\/p>\n<p style=\"padding-left: 40px;\">Mois\u00e9s P\u00e9rez de Alb\u00e9niz Gallery. Pamplona.<\/p>\n<p>[\/vc_column_text][vc_column_text]<strong>1998:<\/strong> ARCO. Altxerri Gallery. Madrid.<\/p>\n<p style=\"padding-left: 40px;\">Salvador D\u00edaz Gallery. Madrid.<\/p>\n<p style=\"padding-left: 40px;\">Rekalde Room. Bilbao.<\/p>\n<p>[\/vc_column_text][vc_column_text]<strong>1997:<\/strong> Lekune Gallery. Pamplona.<\/p>\n<p style=\"padding-left: 40px;\">Almirante Gallery, Madrid.<\/p>\n<p>[\/vc_column_text][vc_column_text]<strong>1995:<\/strong> Ibercaja Cultural Center. Zaragoza.<\/p>\n<p style=\"padding-left: 40px;\">Gustavo de Maeztu Museum. Estella.<\/p>\n<p style=\"padding-left: 40px;\">Berta Belaza Gallery. Bilbao.<\/p>\n<p>[\/vc_column_text][vc_column_text]<strong>1994:<\/strong> San Telmo Museum. San Sebasti\u00e1n.<\/p>\n<p style=\"padding-left: 40px;\">Altxerri Gallery. San Sebasti\u00e1n.<\/p>\n<p>[\/vc_column_text][vc_column_text]<strong>1993:<\/strong> Kribia Gallery. Pamplona.[\/vc_column_text][vc_column_text]<strong>1992:<\/strong> Araba Room. Caja Vital Foundation. Vitoria.<\/p>\n<p style=\"padding-left: 40px;\">Afinsa-Almirante Gallery. Madrid.<\/p>\n<p>[\/vc_column_text][vc_column_text]<strong>1991:<\/strong> Altxerri Gallery. San Sebasti\u00e1n.<\/p>\n<p style=\"padding-left: 40px;\">Mixed Pavilion. Ciudadela. Pamplona.<\/p>\n<p>[\/vc_column_text][vc_column_text]<strong>1988:<\/strong> Altxerri Gallery. San Sebasti\u00e1n.[\/vc_column_text][vc_column_text]<strong>1987:<\/strong> Culture Room. Government of Navarra. Pamplona.[\/vc_column_text][vc_column_text]<strong>1981:<\/strong> CAN Culture Room. Pamplona[\/vc_column_text][vc_column_text]<strong>1983:<\/strong> ARTEDER Fair. Bilbao.[\/vc_column_text][vc_empty_space height=&#8221;40&#8243;][vc_column_text]<strong>Collective Exhibitions (selection):<\/strong>[\/vc_column_text][vc_empty_space height=&#8221;40&#8243;][vc_column_text]<strong>2021:<\/strong> Estampa Fair, Luis Burgos Gallery.[\/vc_column_text][vc_column_text]<strong>2018:<\/strong> <em>Lights in memory.<\/em> KM Kulturunea. Donostia-San Sebasti\u00e1n.[\/vc_column_text][vc_column_text]<strong>2017: <\/strong> <em>MUGAK<\/em>. I San Sebasti\u00e1n Architecture Biennial. KUR Gallery.[\/vc_column_text][vc_column_text]<strong>2014<\/strong> <em>Diversity memory (File I\/B).<\/em> Rekalde Room. Bilbao.<\/p>\n<p style=\"padding-left: 40px;\"><em>Carvalho. Tribute to V\u00e1zquez Montalb\u00e1n<\/em>. Cervantes Institute, Frankfurt, Hamburg, Toulouse, various locations<\/p>\n<p style=\"padding-left: 40px;\"><em> AutoEdit<\/em>. Huarte Center.<\/p>\n<p>[\/vc_column_text][vc_column_text]<strong>2013: <\/strong> <em>The XXI in 3D.<\/em> Museum of Navarra. Pamplona[\/vc_column_text][vc_column_text]<strong>2012:<\/strong> <em>5 Keys to painting in Navarra.<\/em> Gustavo de Maeztu Museum, Estella.[\/vc_column_text][vc_column_text]<strong>2011:<\/strong> UBIDEA-CAUCE. Gustavo de Maeztu Museum, Estella.<\/p>\n<p style=\"padding-left: 40px;\">ARCO. Mois\u00e9s P\u00e9rez de Alb\u00e9niz Gallery.<\/p>\n<p style=\"padding-left: 40px;\"><em> Collection Ipi\u00f1a-Bidaurrazaga<\/em>. Saint Jean de Luz.<\/p>\n<p style=\"padding-left: 40px;\"><em> L\u00e1grima de plomo<\/em>. Ciudadela de Pamplona.<\/p>\n<p>[\/vc_column_text][vc_column_text]<strong>2010:<\/strong> ARCO. Mois\u00e9s P\u00e9rez de Alb\u00e9niz Gallery<\/p>\n<p style=\"padding-left: 40px;\">5 Keys to Painting in Navarra. European Parliament. Brussels<\/p>\n<p>[\/vc_column_text][vc_column_text]<strong>2009:<\/strong> <em>I have a dream<\/em>. International Tribute to Martin Luther King. National Civil Rights<\/p>\n<p style=\"padding-left: 40px;\">Museum, Menphis. Rosa Parks Museum, Montgomery. Museum of African<\/p>\n<p style=\"padding-left: 40px;\">American History, Detroit.<\/p>\n<p style=\"padding-left: 40px;\">ARCO. Mois\u00e9s P\u00e9rez de Alb\u00e9niz Gallery.<\/p>\n<p style=\"padding-left: 40px;\"><em>Tribute to Vicente Aleixandre.<\/em> City Museum, Madrid.<\/p>\n<p>[\/vc_column_text][vc_column_text]<strong>2008:<\/strong> ARCO, Mois\u00e9s P\u00e9rez de Alb\u00e9niz Gallery.[\/vc_column_text][vc_column_text]<strong>2007:<\/strong> ARCO, Mois\u00e9s P\u00e9rez de Alb\u00e9niz Gallery.<\/p>\n<p style=\"padding-left: 40px;\">KIAF, Korean International Art Fair. Seul. Mois\u00e9s P\u00e9rez de Alb\u00e9niz Gallery.<\/p>\n<p style=\"padding-left: 40px;\"><em> Silenciosos<\/em>. Baluarte Room. Pamplona<\/p>\n<p>[\/vc_column_text][vc_column_text]<strong>2006:<\/strong> ARCO. Mois\u00e9s P\u00e9rez de Alb\u00e9niz Gallery.<\/p>\n<p style=\"padding-left: 40px;\"><em>Suggestions and Visions, Don Quixote.<\/em> Cervantes Institute, Tangier, Rabat, Casablanca, Tunisia, Cairo.<\/p>\n<p style=\"padding-left: 40px;\">Four Basque artists. Bach Quatre Gallery, Barcelona.<\/p>\n<p>[\/vc_column_text][vc_column_text]<strong>2005:<\/strong> ARCO. Mois\u00e9s P\u00e9rez de Albeniz Gallery.<\/p>\n<p style=\"padding-left: 40px;\">ARCO. Altxerri Gallery.<\/p>\n<p style=\"padding-left: 40px;\"><em>Between the lines<\/em>, The collection (5). CAB. Burgos.<\/p>\n<p style=\"padding-left: 40px;\">Testimony Collection. La Caixa Foundation.<\/p>\n<p>[\/vc_column_text][vc_column_text]<strong>2004:<\/strong> ARCO. Mois\u00e9s P\u00e9rez from Albeniz Gallery.[\/vc_column_text][vc_column_text]<strong>2003: <\/strong>ARCO Mois\u00e9s P\u00e9rez de Alb\u00e9niz Gallery.<\/p>\n<p style=\"padding-left: 40px;\"><em>Under construction: Exhibit\/Expose yourself.<\/em> Water tank. Vitoria<\/p>\n<p>[\/vc_column_text][vc_column_text]<strong>2002:<\/strong> ARCO. Mois\u00e9s P\u00e9rez de Alb\u00e9niz Gallery.<\/p>\n<p style=\"padding-left: 40px;\">A<em>bstractions<\/em>, Museo Bonnat, Bayonna<\/p>\n<p style=\"padding-left: 40px;\"><em> Basque Abstraction<\/em>. Cervantes Institute, Chicago.<\/p>\n<p>[\/vc_column_text][vc_column_text]<strong>2001:<\/strong> ARCO. Mois\u00e9s P\u00e9rez de Alb\u00e9niz Gallery.<\/p>\n<p style=\"padding-left: 40px;\">Four Basque Artists. Sheppard Gallery, University of Nevada, Reno.<\/p>\n<p>[\/vc_column_text][vc_column_text]<strong>2000:<\/strong> ARCO. Lekune Gallery.<\/p>\n<p style=\"padding-left: 40px;\">Four Basque Artists. California State University.<\/p>\n<p>[\/vc_column_text][vc_column_text]<strong>1999:<\/strong> ARCO. Lekune Gallery.[\/vc_column_text][vc_column_text]<strong>1996<\/strong>: 75 Years of painting and sculpture in Navarra. Culture Room, C.A.N. Pamplona.<\/p>\n<p style=\"padding-left: 40px;\">Lithograph at Arteleku. Mir\u00f3 Foundation, Palma de Mallorca.<\/p>\n<p style=\"padding-left: 40px;\">Expressions Contemporaines Basques. Muse\u00e9 de Pau.<\/p>\n<p style=\"padding-left: 40px;\">Periplos. Valladolid.<\/p>\n<p>[\/vc_column_text][vc_column_text]<strong>1995:<\/strong> Atlantic Forum of Contemporary Art, Altxerri Gallery. Santiago de Compostela.<\/p>\n<p style=\"padding-left: 40px;\">31 Artistas-Muse\u00e9 Bonnat, Bayonne.<\/p>\n<p style=\"padding-left: 40px;\">Vitoria-Arte-Gasteiz. Dep\u00f3sito de aguas, Vitoria.<\/p>\n<p>[\/vc_column_text][vc_column_text]<strong>1993:<\/strong> Altxerri Gallery. Ten years. San Sebasti\u00e1n.<\/p>\n<p style=\"padding-left: 40px;\">IV Pamplona Painting Biennial. Citadel, Pamplona.<\/p>\n<p>[\/vc_column_text][vc_column_text]<strong>1992:<\/strong> Muse\u00e9 de Gethary.[\/vc_column_text][vc_column_text]<strong>1990:<\/strong> Museum of Navarra. Pamplona.<\/p>\n<p style=\"padding-left: 40px;\">Bartolozzi, Balda, Tartas. Arbat Gallery. Pamplona.<\/p>\n<p>[\/vc_column_text][vc_column_text]<strong>1988:<\/strong> From today. Museum of Fine Arts, Vitoria. Muse\u00e9 Bonnat, Bayona.[\/vc_column_text][vc_column_text]<strong>1983:<\/strong> Self-portraits. Windsor Gallery. Bilbao.[\/vc_column_text][vc_empty_space height=&#8221;40&#8243;][vc_column_text]<strong>WORK IN COLLECTIONS:<\/strong>[\/vc_column_text][vc_empty_space height=&#8221;40&#8243;][vc_column_text]Testimony Collection. La Caixa Foundation. Barcelona.<\/p>\n<p>Provincial Council of Gipuzkoa.<\/p>\n<p>Vitoria City Council.<\/p>\n<p>CAB, Caja Burgos. Burgos.<\/p>\n<p>Caja Vital Kutxa. Vitoria.<\/p>\n<p>Caja Navarra Foundation. Pamplona.<\/p>\n<p>CAI Caja de la Inmaculada. Zaragoza.<\/p>\n<p>Pamplona City Council Contemporary Collection.<\/p>\n<p>KUTXA Collection. Donostia-San Sebasti\u00e1n.<\/p>\n<p>Ibercaja Collection. Zaragoza.<\/p>\n<p>Ernesto Vent\u00f3s Collection. Barcelona.<\/p>\n<p>Ipi\u00f1a\/Bidaurrazaga Collection. Bilbao.<\/p>\n<p>NH STOCK ART. Madrid.<\/p>\n<p>Miram\u00f3n Technology Park. San Sebasti\u00e1n.<\/p>\n<p>Public University of Navarra, UPNA. Pamplona.<\/p>\n<p>San Telmo Museum. San Sebasti\u00e1n.<\/p>\n<p>Museum of Navarra. Pamplona.<\/p>\n<p>ARTIUM Museum. Vitoria.<\/p>\n<p>Navarra General Hospital. Pamplona.<\/p>\n<p>Foral Parliament of Navarra. Pamplona.[\/vc_column_text][vc_empty_space height=&#8221;40&#8243;][\/vc_column_inner][\/vc_row_inner][\/vc_column][\/vc_row]<\/p>\n<\/section>","protected":false},"excerpt":{"rendered":"<p>[vc_row content_text_aligment=&#8221;&#8221; use_row_as_full_screen_section=&#8221;no&#8221; css=&#8221;.vc_custom_1466608265197{padding-top: 46px !important;}&#8221;][vc_column][vc_row_inner content_text_aligment=&#8221;&#8221; css=&#8221;.vc_custom_1466608306115{margin-right: -20px !important;margin-left: -20px !important;}&#8221;][vc_column_inner offset=&#8221;vc_col-md-6&#8243; css=&#8221;.vc_custom_1466608292923{padding-right: 20px !important;padding-left: 20px !important;}&#8221;][vc_column_text]JAVIER BALDA BER\u00c1STEGUI Pamplona, \u200b\u200b1958.[\/vc_column_text][vc_empty_space height=&#8221;25&#8243;][vc_column_text] Architecture Studies (1978-1981) University of Navarra, Pamplona. Assistant for installations of J. M\u00aa. Yturralde. 1983. Olite, Navarra. Plastic arts workshop with Josep [&hellip;]<\/p>\n","protected":false},"author":1,"featured_media":0,"parent":0,"menu_order":0,"comment_status":"closed","ping_status":"closed","template":"","meta":{"footnotes":""},"class_list":["post-5888","page","type-page","status-publish","hentry"],"_links":{"self":[{"href":"https:\/\/javierbalda.com\/en\/wp-json\/wp\/v2\/pages\/5888","targetHints":{"allow":["GET"]}}],"collection":[{"href":"https:\/\/javierbalda.com\/en\/wp-json\/wp\/v2\/pages"}],"about":[{"href":"https:\/\/javierbalda.com\/en\/wp-json\/wp\/v2\/types\/page"}],"author":[{"embeddable":true,"href":"https:\/\/javierbalda.com\/en\/wp-json\/wp\/v2\/users\/1"}],"replies":[{"embeddable":true,"href":"https:\/\/javierbalda.com\/en\/wp-json\/wp\/v2\/comments?post=5888"}],"version-history":[{"count":3,"href":"https:\/\/javierbalda.com\/en\/wp-json\/wp\/v2\/pages\/5888\/revisions"}],"predecessor-version":[{"id":6071,"href":"https:\/\/javierbalda.com\/en\/wp-json\/wp\/v2\/pages\/5888\/revisions\/6071"}],"wp:attachment":[{"href":"https:\/\/javierbalda.com\/en\/wp-json\/wp\/v2\/media?parent=5888"}],"curies":[{"name":"wp","href":"https:\/\/api.w.org\/{rel}","templated":true}]}}